{"id":597,"date":"2019-01-07T19:14:33","date_gmt":"2019-01-07T18:14:33","guid":{"rendered":"https:\/\/labozero.wordpress.com\/?page_id=597"},"modified":"2026-03-25T17:58:41","modified_gmt":"2026-03-25T16:58:41","slug":"ils-parlent-de-nous","status":"publish","type":"page","link":"https:\/\/www.labozero.org\/index.php\/ils-parlent-de-nous\/","title":{"rendered":"Ils parlent de nous !"},"content":{"rendered":"\n<ul class=\"wp-block-list\">\n<li><strong>Transonore\u00a0\u00a0<\/strong>\u00ab\u00a0M\u00e9dia de proximit\u00e9 et de solutions\u00a0\u00bb, article de Mars 2026 \u00ab\u00a0<a data-wplink-edit=\"true\" href=\"_wp_link_placeholder\">Le magasin gratuit de Noisy-le -sec\u00a0\u00bb<\/a><\/li>\n\n\n\n<li>Magasine <strong>\u00ab\u00a0Horizons\u00a0\u00bb\u00a0<\/strong>Janvier 2025 en page 19 Lien<\/li>\n\n\n\n<li><strong>Transonore\u00a0\u00a0<\/strong>\u00ab\u00a0M\u00e9dia de proximit\u00e9 et de solutions\u00a0\u00bb podcast de d\u00e9cembre 2025 : <a href=\"https:\/\/transonore.fr\/le-leo\/\">https:\/\/transonore.fr\/le-leo\/<\/a><\/li>\n\n\n\n<li>Participation au Livre \u00ab\u00a0Lucioles N\u00b03\u00a0\u00bb sur les parentalit\u00e9s sortit en 2024.<\/li>\n<\/ul>\n\n\n\n<figure class=\"wp-block-gallery has-nested-images columns-default is-cropped wp-block-gallery-1 is-layout-flex wp-block-gallery-is-layout-flex\">\n<figure class=\"wp-block-image size-large\"><img loading=\"lazy\" decoding=\"async\" width=\"1024\" height=\"771\" data-id=\"6547\" src=\"https:\/\/www.labozero.org\/wp-content\/uploads\/2026\/03\/WhatsApp-Image-2026-03-25-at-17.51.47-1024x771.jpeg\" alt=\"\" class=\"wp-image-6547\" srcset=\"https:\/\/www.labozero.org\/wp-content\/uploads\/2026\/03\/WhatsApp-Image-2026-03-25-at-17.51.47-1024x771.jpeg 1024w, https:\/\/www.labozero.org\/wp-content\/uploads\/2026\/03\/WhatsApp-Image-2026-03-25-at-17.51.47-300x226.jpeg 300w, https:\/\/www.labozero.org\/wp-content\/uploads\/2026\/03\/WhatsApp-Image-2026-03-25-at-17.51.47-768x578.jpeg 768w, https:\/\/www.labozero.org\/wp-content\/uploads\/2026\/03\/WhatsApp-Image-2026-03-25-at-17.51.47-1536x1157.jpeg 1536w, https:\/\/www.labozero.org\/wp-content\/uploads\/2026\/03\/WhatsApp-Image-2026-03-25-at-17.51.47-1140x858.jpeg 1140w, https:\/\/www.labozero.org\/wp-content\/uploads\/2026\/03\/WhatsApp-Image-2026-03-25-at-17.51.47-1320x994.jpeg 1320w, https:\/\/www.labozero.org\/wp-content\/uploads\/2026\/03\/WhatsApp-Image-2026-03-25-at-17.51.47.jpeg 2040w\" sizes=\"auto, (max-width: 1024px) 100vw, 1024px\" \/><\/figure>\n<\/figure>\n\n\n\n<ul class=\"wp-block-list\">\n<li>Sortie du livre <a href=\"http:\/\/igorbabou.fr\/presentation-de-mon-livre-lecologie-aux-marges-a-la-librairie-le-monte-en-lair-paris-le-23-fevrier-2023\/\"><strong>\u00ab\u00a0L&rsquo;\u00e9cologie aux marges\u00a0\u00bb<\/strong><\/a> d&rsquo;Igor Babou, pr\u00e9face de Joelle le Marec et postface d&rsquo;Amelie Monnereau aux <strong>\u00e9ditions Eterotopia<\/strong> en F\u00e9vrier 2023.<\/li>\n\n\n\n<li>Le <a href=\"https:\/\/www.lemediatv.fr\/articles\/2023\/pour-une-ecologie-populaire-appel-contre-les-faux-semblants-et-le-marketing-des-alternatives-ecologiques-uebN0Ej7TEmVWTPfpmLVpQ\">MEDIA<\/a> \u00ab\u00a0Pour une \u00e9cologie populaire\u00a0\u00bb avril 2023<\/li>\n\n\n\n<li><strong>Le Chiffon<\/strong>. Journal bimestriel papier d&rsquo;information critique \u00e0 Paris et en \u00cele-de-France. Local, engag\u00e9 et ind\u00e9pendant, il n\u2018est affili\u00e9 \u00e0 aucun parti, syndicat ou association. Article par Gary Libot. <a href=\"https:\/\/lechiffon.fr\/laboratoire-ecologique-zero-dechet-avec-nos-actions-de-recup-on-ramasse-la-merde-du-capitalisme\/?fbclid=IwAR0HByhPg9_YveBiAmnNyS56ZsikJqyhRhKZk5k9V1ynLpWSm6F_7qpqTK4\">\u00ab\u00a0Laboratoire \u00e9cologique z\u00e9ro d\u00e9chet : \u00ab\u00a0Avec nos actions de r\u00e9cup\u2019 on ramasse la merde du capitalisme\u00a0\u00bb<\/a>.\u00a0 D\u00e9cembre 2021.<\/li>\n\n\n\n<li>Podcast pour <strong>Radio Libertaire<\/strong>, diffus\u00e9 le 13 novembre 2021, avec l&rsquo;\u00e9quipe du <strong>Chiffon<\/strong>. <a data-wplink-url-error=\"true\" href=\"http:\/\/Dans cet \u00e9pisode, nous retrouvons Roxane, sociologue des cataphiles (les gens qui aiment crapahuter dans les &quot;ktas&quot;) pour revenir ensemble sur un article paru dans le deuxi\u00e8me num\u00e9ro du Chiffon. Des centaines de personnes aiment venir se terrer sous Paris pour festoyer, rigoler... mais aussi pour nettoyer, restaurer de vielles fondations ou gratter des graffitis. Le travail accompli s'apparente presque \u00e0 un service public, rendu sans contrepartie d'argent ou de pouvoir. Comment ? Pourquoi ? On en discute avec Am\u00e9lie et Paul, du LE\u00d8 : dans leur squat, tous types de d\u00e9chets du capitalisme sont recycl\u00e9s et revaloris\u00e9s. L\u00e0 aussi, des personnes &quot;travaillent&quot; b\u00e9n\u00e9volement, et m\u00eame ill\u00e9galement pour le bien commun...\">\u00ab\u00a0Des catacombes au LE\u00d8 : on r\u00e9invente le travail ?\u00a0\u00bb.<\/a><br><em>\u00ab\u00a0Dans cet \u00e9pisode, nous retrouvons Roxane, sociologue des cataphiles (les gens qui aiment crapahuter dans les \u00ab\u00a0ktas\u00a0\u00bb) pour revenir ensemble sur un article paru dans le deuxi\u00e8me num\u00e9ro du Chiffon. Des centaines de personnes aiment venir se terrer sous Paris pour festoyer, rigoler&#8230; mais aussi pour nettoyer, restaurer de vielles fondations ou gratter des graffitis. Le travail accompli s&rsquo;apparente presque \u00e0 un service public, rendu sans contrepartie d&rsquo;argent ou de pouvoir. Comment ? Pourquoi ? On en discute avec Am\u00e9lie et Paul, du LE\u00d8 : dans leur squat, tous types de d\u00e9chets du capitalisme sont recycl\u00e9s et revaloris\u00e9s. L\u00e0 aussi, des personnes \u00ab\u00a0travaillent\u00a0\u00bb b\u00e9n\u00e9volement, et m\u00eame ill\u00e9galement pour le bien commun&#8230;\u00a0\u00bb<\/em><\/li>\n\n\n\n<li><strong>La mule, le m\u00e9dia qui s&rsquo;ent\u00eate.<\/strong> M\u00e9dia ind\u00e9pendant bas\u00e9 \u00e0 Montpellier, actualit\u00e9 en luttes. Article par Giovanni Simone. <a href=\"https:\/\/www.lamule.media\/2021\/06\/25\/le-leo-restera-debout-un-squat-victorieux-devant-la-justice\/\">\u00ab\u00a0Le LE\u00d8 restera debout : un squat victorieux devant la justice\u00a0\u00bb.<\/a>\u00a0 25 Juin 2021.<\/li>\n\n\n\n<li><strong>La rel\u00e8ve et la peste.<\/strong> <span class=\"font--r fontsize-s c-black lineheight-1_4\">Maison d&rsquo;\u00e9dition et un m\u00e9dia 100% ind\u00e9pendants avec une port\u00e9e humaniste, \u00e9cologiste et antiraciste. Article <\/span>par Augustin Langlade. <a href=\"https:\/\/lareleveetlapeste.fr\/seine-saint-denis-le-leo-un-tiers-lieu-ecolo-et-social-entierement-gratuit-est-sauve-de-lexpulsion\/?fbclid=IwAR04kgZKNdbQs8Es_IqdKhgtud1Kx5Ve-BWGcKUbMuTIZmWCUMVwtVWyBgs\">\u00ab\u00a0Seine-Saint-Denis : Le LE\u00d8, un tiers-lieu \u00e9colo et social enti\u00e8rement gratuit, est sauv\u00e9 de l\u2019expulsion\u00a0\u00bb.<\/a> 21 Juin 2021.<\/li>\n\n\n\n<li>Deuxi\u00e8mes rencontres internationales<a href=\"https:\/\/humaheritage.hypotheses.org\/186\"> Endangered Humanities<\/a> 21-22 juin 2021, \u00ab\u00a0<span style=\"font-size: 1em; background-color: var(--wp--preset--color--background); color: var(--wp--preset--color--foreground); font-family: var(--font-base, 'PT Sans', -apple-system, BlinkMacSystemFont, 'Segoe UI', 'Roboto', 'Oxygen', 'Ubuntu', 'Cantarell', 'Fira Sans', 'Droid Sans', 'Helvetica Neue', sans-serif);\"><span style=\"font-size: 1em; background-color: var(--wp--preset--color--background); color: var(--wp--preset--color--foreground); font-family: var(--font-base, 'PT Sans', -apple-system, BlinkMacSystemFont, 'Segoe UI', 'Roboto', 'Oxygen', 'Ubuntu', 'Cantarell', 'Fira Sans', 'Droid Sans', 'Helvetica Neue', sans-serif);\">Savoirs de la pr\u00e9carit\u00e9, pr\u00e9carit\u00e9 des savoirs\u00a0\u00bb, organis\u00e9 par le Collectif \u00abEndangered Humanities\u00bb, le GRIPIC (Sorbonne Universit\u00e9), le Laboratoire \u00c9cologique Z\u00e9ro D\u00e9chet, le Programme Ecos-Sud Chili C18H03. <br><em>\u00ab\u00a0Des espaces comme le Laboratoire Ecologique Z\u00e9ro D\u00e9chet, ou bien des Zones \u00e0 D\u00e9fendre, sont enti\u00e8rement habit\u00e9s par des pratiques de savoirs, d\u2019apprentissage de transmission, d\u2019exp\u00e9rimentation. La vie des savoirs n\u2019y ressemble pas \u00e0 la mani\u00e8re dont elle se pr\u00e9sente ailleurs. En particulier, elle tend \u00e0 s\u2019\u00e9manciper des rapports de domination, et s\u2019\u00e9prouve dans chaque moment de l\u2019invention d\u2019un mode de vie, depuis la recherche des lieux jusqu\u2019\u00e0 la construction de sociabilit\u00e9s et de pratiques hors march\u00e9 et hors hi\u00e9rarchies. Cette vie des savoirs est litt\u00e9ralement incroyable du point de vue d\u2019institutions qui fabriquent la croyance en des impossibilit\u00e9s. Un autre monde y es t non seulement possible, mais r\u00e9el et quotidien, fond\u00e9 sur d\u2019innombrables savoirs qui feront l\u2019objet de la soir\u00e9e-d\u00e9bat.\u00a0\u00bb<\/em><\/span><\/span><\/li>\n\n\n\n<li><strong>La mule, le m\u00e9dia qui s&rsquo;ent\u00eate.<\/strong> M\u00e9dia ind\u00e9pendant bas\u00e9 \u00e0 Montpellier, actualit\u00e9 en luttes. Article par Giovanni Simone. <a href=\"https:\/\/www.lamuledupape.com\/2021\/05\/19\/ecologie-et-solidarite-a-pantin-le-squat-laboratoire-ecologique-0-dechets-en-peril\/?fbclid=IwAR0IFpC8UDlO1t9wGjkBKBNIPZcUwwl26OS9bc6zLbc1nhdE_HcpMZaOMWQ\">\u00ab\u00a0Ecologie et solidarit\u00e9 \u00e0 Pantin : Le squat \u00ab\u00a0Laboratoire Ecologique \u00d8D\u00e9chet\u00a0\u00bb en p\u00e9ril\u00a0\u00bb<\/a>. 19 Mai 2021.<\/li>\n\n\n\n<li><span class=\"crayon article-titre-8401 \"><span class=\"crayon article-titre-8401 \"><strong><em>Basta<\/em>!<\/strong> M\u00e9dia d&rsquo;information en ligne ind\u00e9pendant sur l&rsquo;actualit\u00e9 \u00e9cologique et sociale. Article par Anne Paq et Romain Haillard. <a href=\"https:\/\/basta.media\/LEO-Laboratoire-ecologique-zeo-dechet-proces-expulsion-distributions-alimentaires-hebergement-d-urgence-Pantin\">Un havre de solidarit\u00e9s pour \u00ab r\u00e9sister \u00e0 l\u2019agressivit\u00e9 de ce monde \u00bb : le Laboratoire \u00e9cologique z\u00e9ro d\u00e9chet<\/a>. 19 Mai 2021.<\/span><\/span><\/li>\n\n\n\n<li><strong>Reporterre.<\/strong> Le quotidien de l&rsquo;\u00e9cologie. <a href=\"https:\/\/reporterre.net\/Au-nord-de-Paris-un-lieu-d-ecologie-populaire-est-menace?var_mode=calcul&amp;fbclid=IwAR2A4_FDDrkeyPlqjkz3b3axmJpuR6RWb2daSxAWMGQ_ALE5MPpbMPkvw5o\">\u00ab\u00a0Au nord de Paris, un lieu d\u2019\u00e9cologie populaire est menac\u00e9\u00a0\u00bb.<\/a> 19 Mai 2021.<\/li>\n\n\n\n<li><strong>Mr. Mondialisation<\/strong>. <a href=\"https:\/\/mrmondialisation.org\/tribune-sauvons-leo-le-laboratoire-ecologique-et-zero-dechets-de-pantin\/?fbclid=IwAR2AhpuQfvVf61CrexGdZUhqR3dEyUpbAUO9zIzx_htQztbgNuMSRixNX8U\">\u00ab\u00a0Tribune : sauvons L\u00c9\u00d8, le Laboratoire \u00c9cologique et Z\u00e9ro-D\u00e9chets de Pantin\u00a0\u00bb.<\/a> 15 mai 2021.<\/li>\n\n\n\n<li><a href=\"https:\/\/side-ways.net\/blog\/\"><strong>SideWays<\/strong><\/a>, la Webs\u00e9rie itin\u00e9rante. Article par H\u00e9l\u00e8ne Petit : <a href=\"https:\/\/side-ways.net\/blog\/le-leo-laboratoire-ecologique-zero-dechet-argent-vies-en-main\/?fbclid=IwAR29N5Ebgna-avISiU0XQjwTC1WGJAcj0fD49oJm74L6yNm2uJAAmufUYfw\">\u00ab\u00a0Le LE\u00d8 \u2013 Parce que l\u2019argent n\u2019est pas n\u00e9cessaire pour reprendre nos vies en main\u00a0\u00bb.<\/a> 14 mai 2021.<\/li>\n\n\n\n<li><strong>Le journal minimal.<\/strong> <a href=\"https:\/\/lejournalminimal.fr\/pantin-mobilisation-autour-du-genial-laboratoire-ecologique-zero-dechet-menace-dexpulsion\/?fbclid=IwAR29N5Ebgna-avISiU0XQjwTC1WGJAcj0fD49oJm74L6yNm2uJAAmufUYfw\">\u00ab\u00a0Pantin : Mobilisation autour du g\u00e9nial Laboratoire \u00e9cologique z\u00e9ro d\u00e9chet, menac\u00e9 d\u2019expulsion\u00a0\u00bb.<\/a> 14 mai 2021.<\/li>\n\n\n\n<li><strong>Vid\u00e9o.<\/strong> <a href=\"https:\/\/www.yiny.org\/w\/4ad4778b-767f-460e-a993-6fac59b62dfd?fbclid=IwAR3Ihk7mQ9qm7USEzaUgt5SFodBybq7e5cChl6fLcOX4sIOu6lO7Ks8OWtk\">\u00ab\u00a0LE\u00d8 menac\u00e9\u00a0\u00bb<\/a> tourn\u00e9 par Tothoreau, militant et vid\u00e9aste, expliquant les activit\u00e9s et les enjeux du proc\u00e8s.<\/li>\n\n\n\n<li><strong>La rel\u00e8ve et la peste.<\/strong> <span class=\"font--r fontsize-s c-black lineheight-1_4\">Maison d&rsquo;\u00e9dition et un m\u00e9dia 100% ind\u00e9pendants avec une port\u00e9e humaniste, \u00e9cologiste et antiraciste. Article <\/span>par Augustin Langlade<a href=\"https:\/\/lareleveetlapeste.fr\/seine-saint-denis-le-leo-un-tiers-lieu-ecolo-et-social-entierement-gratuit-est-menace-dexpulsion\/\"> \u00ab\u00a0Seine-Saint-Denis : Le LE\u00d8, un tiers-lieu \u00e9colo et social enti\u00e8rement gratuit, est menac\u00e9 d\u2019expulsion\u00a0\u00bb.<\/a> 8 Avril 2021.<\/li>\n\n\n\n<li><strong>Canal Pantin<\/strong> (papier). Article par Nous sommes Pantin : collectif citoyen pour une alternative d\u00e9mocratique, \u00e9cologique et sociale. \u00ab\u00a0Une ville belle ou une ville laide ?\u00a0\u00bb. Mars 2021.<\/li>\n\n\n\n<li><strong>Le Monde Libertaire <\/strong>(Communiqu\u00e9 de presse r\u00e9dig\u00e9 par l\u2019\u00e9quipe du LE\u00d8). <a href=\"https:\/\/monde-libertaire.net\/index.php?articlen=5525\">\u00ab\u00a0Le LE\u00d8, lieu d\u2019exp\u00e9rimentation pour une \u00e9cologie populaire et solidaire \u00e0 Pantin est menac\u00e9 !\u00a0\u00bb<\/a>. Mars 2021.<\/li>\n\n\n\n<li><strong>France Bleu Paris<\/strong> : Tous Experts ! (radio). Am\u00e9lie Monnereau (LE\u00d8) invit\u00e9e par Laurent Petitguillaume. Chroniques solidaires DE 9H30 \u00e0 10h. Mars 2021.<\/li>\n\n\n\n<li><strong>Economia, HEM Research Center<\/strong>. Article par Kenza Sefrioui. <a href=\"http:\/\/economia.ma\/fr\/content\/%C3%A9cologie-en-actes\">\u00ab\u00a0\u00c9cologie en actes\u00a0\u00bb.<\/a> Janvier 2021.<\/li>\n\n\n\n<li><strong>Le Monde Libertaire, <\/strong>Article extrait du ML N\u00b01821 (papier). <a href=\"https:\/\/monde-libertaire.net\/index.php?articlen=5230\">\u00ab\u00a0Le LE\u00d8, un outil de r\u00e9sistance\u00a0\u00bb.<\/a> Novembre 2020.<\/li>\n\n\n\n<li><a href=\"https:\/\/drive.google.com\/file\/d\/11pmPuTutzlYQvoaHYlpTlj8kMphDenaj\/view\">Podcast sur la Pr\u00e9carit\u00e9 Menstruelle.<\/a> Echange entre Am\u00e9lie Monnereau (LE\u00d8), Chiraz Kachmar (sage-femme) et Humans for Women. Organis\u00e9 par Humans for Women \u00e0 la MIE (Maison des initiatives \u00e9tudiantes) Bastille lors d\u2019une journ\u00e9e consacr\u00e9e \u00e0 la Pr\u00e9carit\u00e9 menstruelle \u00e9tudiante.<\/li>\n\n\n\n<li><strong>Site<\/strong> de Christophe L\u00e8guevaques, Avocat au barreau de Paris, Docteur en Droit. <a href=\"https:\/\/www.leguevaques.com\/Les-fabriques-de-l-ignorance-Journees-d-etudes_a705.html\">\u00ab\u00a0Les fabriques de l&rsquo;ignorance &#8211; Journ\u00e9es d&rsquo;\u00e9tudes\u00a0\u00bb,<\/a> organis\u00e9 par le GRIPIC au LE\u00d8 ((modifi\u00e9 et report\u00e9 pour raisons sanitaires). Octobre 2020.<\/li>\n\n\n\n<li><strong>Radio Libertaire.<\/strong> La radio sans Dieu, sans ma\u00eetre et sans publicit\u00e9, la voix de la F\u00e9d\u00e9ration Anarchiste. Emission \u00ab\u00a0Trous Noirs\u00a0\u00bb, <a data-wplink-url-error=\"true\" href=\"https:\/\/www.anarchiste.info\/radio\/libertaire\/podcast\/mp3\/RL-2020- 09-28-16-00.mp3\">Interview<\/a> d\u2019Am\u00e9lie Monnereau et Igor Babou \u00e0 propos du LE\u00d8. Septembre 2020.<\/li>\n\n\n\n<li><strong>Festival des R\u00e9clusiennes.<\/strong> S&rsquo;appuyant sur l\u2019\u0153uvre d\u2019Elis\u00e9e Reclus, le festival est un lieu de rencontre privil\u00e9gi\u00e9 \u00e0 Sainte Foy la Grande en Gironde o\u00f9, chaque ann\u00e9e, universitaires, chercheurs et \u00e9crivains peuvent se retrouver afin d\u2019exposer l\u2019\u00e9tat de leurs r\u00e9flexions, pr\u00e9senter leurs travaux et confronter leurs points de vue dans le but de concourir au progr\u00e8s de la recherche et de la connaissance des sciences humaines et sociales (sociologie, sciences politiques, ethnologie, anthropologie, g\u00e9ographie, histoire,&#8230;).<br>Intervention de Chiraz Kachmar, Am\u00e9lie Monnereau et Igor Babou. <a href=\"https:\/\/www.reclusiennes.com\/retour-sur\/2020-1\/\">R\u00e9sistances \u00e0 suivre. \u00ab Solidarit\u00e9s entre milieu urbain (squats) et rural \u00bb<\/a>. Juillet 2020.<\/li>\n\n\n\n<li><strong>Parution du livre<\/strong> <a href=\"http:\/\/igorbabou.fr\/prevente-du-livre-vivre-la-friche\/\">\u00ab\u00a0Viv(r)e la friche\u00a0\u00bb<\/a> par Igor Babou, professeur \u00e0 l\u2019Universit\u00e9 Paris Diderot, Chercheur et membre du Ladyss (UMR CNRS 7533). Juillet 2020.\u00a0<br><em>\u00a0\u00bb Habiter dans les ruines du capitalisme industriel, y vivre et y d\u00e9velopper l\u2019\u00e9cologie par des formes d\u2019\u00e9ducation populaire centr\u00e9es sur l\u2019action plus que sur le discours, aller d\u2019expulsion en expulsion dans un habitat temporaire tout en tissant des liens \u00e9troits avec les habitants de quartiers populaires : des collectifs s\u2019organisent au c\u0153ur des contradictions contemporaines en pratiquant une \u00e9cologie sociale et solidaire. Des friches urbaines squatt\u00e9es fournissent des lieux de vie et d\u2019action \u00e0 des activistes qui refusent l\u2019\u00e9tat du monde et l\u2019inaction politique.\u00a0\u00bb<\/em><\/li>\n\n\n\n<li><strong>Le blog de M\u00e9diapart.<\/strong> Tribune par le Collectif Solidarit\u00e9 Pand\u00e9mie Paris-Banlieue (Jo\u00eblle Le Marec et Igor Babou),\u00a0 sign\u00e9e par 44 personnes\/collectifs. <a href=\"https:\/\/blogs.mediapart.fr\/collectifs-solidarite-pandemie-paris-banlieue\/blog\/080520\/pandemie-et-solidarites-associations-et-collectifs-citoyens-bout\">\u00ab\u00a0Pand\u00e9mie et solidarit\u00e9s: associations et collectifs citoyens \u00e0 bout de souffle sonnent l\u2019alarme\u00a0\u00bb.<\/a> Mai 2020.<\/li>\n\n\n\n<li><strong>GRIPIC<\/strong> &#8211; Laboratoire de recherche en Sciences de l\u2019information et de la communication du CELSA (Paris-Sorbonne). Article par Jo\u00eblle Le Marec : <a href=\"https:\/\/www.gripic.fr\/billet\/joie-discrete-laboratoire-zero-dechet-leo-a-pantin-0\">\u00ab\u00a0Joie discr\u00e8te : le laboratoire z\u00e9ro d\u00e9chet (LEO) \u00e0 Pantin\u00a0\u00bb.<\/a> Janvier 2020.<\/li>\n\n\n\n<li><strong>Seine-Saint-Denis, Le Magazine.<\/strong> Article par Carine Arassus : <a href=\"http:\/\/lemag.seinesaintdenis.fr\/Le-Labo-un-espace-d-experimentation-zero-dechet\">\u00ab\u00a0Le Labo, un espace d\u2019exp\u00e9rimentation \u00ab z\u00e9ro d\u00e9chet \u00bb ?\u00a0\u00bb.<\/a> Novembre 2019.<\/li>\n\n\n\n<li>Conf\u00e9rence <a href=\"https:\/\/www.terrestres.org\/2019\/09\/11\/crise-ecologique-desetatiser-nos-imaginaires-politiques-et-nos-savoirs-scientifiques\/\">\u00ab\u00a0D\u00e9s\u00e9tatiser nos imaginaires politiques et nos savoirs scientifiques\u00a0\u00bb <\/a>par Joelle le Marec et Igor Babou, lors de notre inauguration \u00e0 Pantin en Mai 2019, reprise par <strong>Terrestres<\/strong>, revue des livres, des id\u00e9es et des \u00e9cologies. Septembre 2019.<\/li>\n\n\n\n<li><strong>La revue fig.<\/strong> Revue imprim\u00e9e qui permet d&rsquo;exp\u00e9rimenter et d&rsquo;interroger l&rsquo;espace, la ville, le paysage, le chantier et l&rsquo;habiter. Fond\u00e9e en 2015 en tant qu&rsquo;outil de r\u00e9sistance politique, social et po\u00e9tique, la revue est d\u00e9sireuse d&rsquo;avancer sans partenaire id\u00e9ologique.\u00a0<br><strong>Num\u00e9ro 5 \u00ab\u00a0<a href=\"http:\/\/www.revue-fig.fr\/numero\/5\/5\/\">Oxymore<\/a>\u00ab\u00a0.<\/strong> Article d&rsquo;Igor Babou. \u00ab\u00a0<a href=\"https:\/\/halshs.archives-ouvertes.fr\/halshs-02138618\/document\">Vivre et cr\u00e9er dans les ruines du capitalisme\u00a0\u00bb<\/a><span style=\"font-size: 1em; background-color: var(--wp--preset--color--background); color: var(--wp--preset--color--foreground); font-family: var(--font-base, 'PT Sans', -apple-system, BlinkMacSystemFont, 'Segoe UI', 'Roboto', 'Oxygen', 'Ubuntu', 'Cantarell', 'Fira Sans', 'Droid Sans', 'Helvetica Neue', sans-serif);\"><span style=\"font-size: 1em; background-color: var(--wp--preset--color--background); color: var(--wp--preset--color--foreground); font-family: var(--font-base, 'PT Sans', -apple-system, BlinkMacSystemFont, 'Segoe UI', 'Roboto', 'Oxygen', 'Ubuntu', 'Cantarell', 'Fira Sans', 'Droid Sans', 'Helvetica Neue', sans-serif);\">. Juillet 2019.<\/span><\/span><\/li>\n\n\n\n<li><strong>Indiscipline ! Savoirs, nature, cultures et alternatives sociales<\/strong>. Article d&rsquo;Igor Babou : <a href=\"http:\/\/indiscipline.fr\/inauguration-du-laboratoire-ecologique-zero-dechet-a-pantin-le-26-mai-11h-22h\/\">\u00ab\u00a0Inauguration du Laboratoire \u00c9cologique Z\u00e9ro D\u00e9chet \u00e0 Pantin, le 26 mai (11h-22h)\u00a0\u00bb<\/a>. Mai 2019.<\/li>\n\n\n\n<li><strong>Marie France<\/strong>, qu&rsquo;on ne pr\u00e9sente plus, un article de Jos\u00e9phine Lebard. Magasine de Mai 2019.<\/li>\n<\/ul>\n\n\n\n<figure class=\"wp-block-gallery has-nested-images columns-3 is-cropped wp-block-gallery-2 is-layout-flex wp-block-gallery-is-layout-flex\">\n<figure class=\"wp-block-image size-large\"><img loading=\"lazy\" decoding=\"async\" width=\"640\" height=\"480\" data-id=\"747\" src=\"https:\/\/www.labozero.org\/wp-content\/uploads\/2019\/05\/marie-france-2.jpg\" alt=\"\" class=\"wp-image-747\" srcset=\"https:\/\/www.labozero.org\/wp-content\/uploads\/2019\/05\/marie-france-2.jpg 640w, https:\/\/www.labozero.org\/wp-content\/uploads\/2019\/05\/marie-france-2-300x225.jpg 300w\" sizes=\"auto, (max-width: 640px) 100vw, 640px\" \/><\/figure>\n\n\n\n<figure class=\"wp-block-image size-large\"><img loading=\"lazy\" decoding=\"async\" width=\"480\" height=\"640\" data-id=\"748\" src=\"https:\/\/www.labozero.org\/wp-content\/uploads\/2019\/05\/marie-france.jpg\" alt=\"\" class=\"wp-image-748\" srcset=\"https:\/\/www.labozero.org\/wp-content\/uploads\/2019\/05\/marie-france.jpg 480w, https:\/\/www.labozero.org\/wp-content\/uploads\/2019\/05\/marie-france-225x300.jpg 225w\" sizes=\"auto, (max-width: 480px) 100vw, 480px\" \/><\/figure>\n<\/figure>\n\n\n\n<ul class=\"wp-block-list\">\n<li><strong>Champ visuel<\/strong> : Blog de photographie documentaire par Igor Babou. Article : <a href=\"http:\/\/www.champ-visuel.org\/enquete-sur-une-initiative-ecologique-et-sociale-a-noisy-le-sec-le-laboratoire-ecologique-zero-dechet?fbclid=IwAR1LTWOGksP561cBtJS2mw_uu49Pbk85W3ZZL3VsmMQhREKTHbIx2B-dnWo\">\u00ab\u00a0Enqu\u00eate sur une initiative \u00e9cologique et sociale\u00a0\u00bb. \u00e0 Noisy-Le-Sec : le Laboratoire \u00e9cologique z\u00e9ro d\u00e9chet\u00a0\u00bb.<\/a> D\u00e9cembre 2018.<\/li>\n\n\n\n<li><strong>La rel\u00e8ve et la peste<\/strong> :<span class=\"font--r fontsize-s c-black lineheight-1_4\"><span class=\"font--r fontsize-s c-black lineheight-1_4\"> Maison d&rsquo;\u00e9dition et un m\u00e9dia 100% ind\u00e9pendants avec une port\u00e9e humaniste, \u00e9cologiste et antiraciste. Article par Laurie Debove : <a href=\"https:\/\/lareleveetlapeste.fr\/un-lieu-de-quartier-entierement-gratuit-pour-des-relations-sans-argent\/?fbclid=IwAR1BIQob3VtmYXPOnsfBUWrE1m6BaHwU8jEbzFnCs0wFrL6V2ZohPUKPbTA\">\u00ab\u00a0Un lieu de quartier enti\u00e8rement gratuit pour des relations sans argent\u00a0\u00bb.<\/a> D\u00e9cembre 2018.<\/span><\/span><\/li>\n\n\n\n<li><strong>Lumi\u00e8res de la Ville<\/strong>\u00a0 : Site d&rsquo;informations autour des initiatives urbaines par Yoann Sportouch. Article : \u00ab\u00a0<a href=\"https:\/\/lumieresdelaville.net\/leo-utopie-citoyenne-noisy-sec\/?fbclid=IwAR1P4vwi8QaDtPwk9uWZW-8LrjD8p-CqSUkRy8pLkwiw8IyIoZ1idDEusus\">LE\u00d8, une utopie citoyenne \u00e0 Noisy-Le-Sec !<\/a>\u00ab\u00a0. D\u00e9cembre 2018.<\/li>\n\n\n\n<li><strong>Blog de M\u00e9diapart<\/strong> : Par Igor Babou, Bernard Kalaora, Jo\u00eblle le Marec et Marie Rou\u00e9. <a href=\"https:\/\/blogs.mediapart.fr\/les-invites-de-mediapart\/blog\/101218\/une-experience-de-transition-ecologique-et-sociale-defendre-le-laboratoire-ecologique?fbclid=IwAR0FXs9FBSWhtkMCMb4Onw9shGxnqfp3zLUTRDJ-2RH_EKF83vvztcGwshA\">\u00ab\u00a0Une exp\u00e9rience de transition \u00e9cologique et sociale \u00e0 d\u00e9fendre\u00a0\u00bb<\/a> . D\u00e9cembre 2018.<\/li>\n\n\n\n<li><strong>Blog d&rsquo;Igor Babou<\/strong> : Nature, Savoirs et soci\u00e9t\u00e9. <a href=\"http:\/\/igorbabou.fr\/soutien-au-laboratoire-ecologique-zero-dechet-de-noisy-le-sec\/\">\u00ab\u00a0Une exp\u00e9rience de transition \u00e9cologique et sociale \u00e0 d\u00e9fendre\u00a0\u00bb.<\/a> Novembre 2018.<\/li>\n\n\n\n<li><strong>Le parisien 93<\/strong> : Articles <a href=\"http:\/\/www.leparisien.fr\/seine-saint-denis-93\/noisy-le-sec-le-squat-ecolo-expulse-pour-construire-des-logements-12-11-2018-7940928.php\">ici<\/a> et <a href=\"http:\/\/www.leparisien.fr\/seine-saint-denis-93\/en-images-noisy-le-sec-un-squat-ecolo-dans-l-imprimerie-abandonnee-12-11-2018-7940880.php\">ici<\/a>, de Victor Tassel. Novembre 2018.<\/li>\n<\/ul>\n\n\n\n<p><\/p>\n","protected":false},"excerpt":{"rendered":"","protected":false},"author":2,"featured_media":0,"parent":0,"menu_order":0,"comment_status":"closed","ping_status":"closed","template":"","meta":{"rop_custom_images_group":[],"rop_custom_messages_group":[],"rop_publish_now":"initial","rop_publish_now_accounts":[],"rop_publish_now_history":[],"rop_publish_now_status":"pending","_themeisle_gutenberg_block_has_review":false,"footnotes":""},"class_list":["post-597","page","type-page","status-publish","hentry"],"jetpack-related-posts":[{"id":6419,"url":"https:\/\/www.labozero.org\/index.php\/bilan-2025\/","url_meta":{"origin":597,"position":0},"title":"Bilan 2025","author":"labozero","date":"26 janvier, 2026","format":false,"excerpt":"","rel":"","context":"Article similaire","block_context":{"text":"Article similaire","link":""},"img":{"alt_text":"","src":"https:\/\/i0.wp.com\/www.labozero.org\/wp-content\/uploads\/2026\/01\/bilan_leo_20252-150x150.jpg?resize=350%2C200&ssl=1","width":350,"height":200,"srcset":"https:\/\/i0.wp.com\/www.labozero.org\/wp-content\/uploads\/2026\/01\/bilan_leo_20252-150x150.jpg?resize=350%2C200&ssl=1 1x, https:\/\/i0.wp.com\/www.labozero.org\/wp-content\/uploads\/2026\/01\/bilan_leo_20252-150x150.jpg?resize=525%2C300&ssl=1 1.5x, https:\/\/i0.wp.com\/www.labozero.org\/wp-content\/uploads\/2026\/01\/bilan_leo_20252-150x150.jpg?resize=700%2C400&ssl=1 2x, https:\/\/i0.wp.com\/www.labozero.org\/wp-content\/uploads\/2026\/01\/bilan_leo_20252-150x150.jpg?resize=1050%2C600&ssl=1 3x, https:\/\/i0.wp.com\/www.labozero.org\/wp-content\/uploads\/2026\/01\/bilan_leo_20252-150x150.jpg?resize=1400%2C800&ssl=1 4x"},"classes":[]},{"id":6292,"url":"https:\/\/www.labozero.org\/index.php\/solidarite-2\/","url_meta":{"origin":597,"position":1},"title":"Solidarit\u00e9","author":"labozero","date":"18 janvier, 2026","format":false,"excerpt":"Depuis toujours, le LEO allie \u00e9cologie et solidarit\u00e9 en redistribuant gratuitement les dons que nous collectons. Par le pass\u00e9 nous pouvions proposer de l\u2019h\u00e9bergement solidaire aujourd'hui les nouveaux locaux ne le permettent plus, aussi nous avons prioris\u00e9 nos actions autour de l'aide mat\u00e9rielle et administrative pour les personnes les plus\u2026","rel":"","context":"Article similaire","block_context":{"text":"Article similaire","link":""},"img":{"alt_text":"","src":"https:\/\/i0.wp.com\/www.labozero.org\/wp-content\/uploads\/2025\/10\/WhatsApp-Image-2025-10-30-at-13.05.43-150x150.jpeg?resize=350%2C200&ssl=1","width":350,"height":200,"srcset":"https:\/\/i0.wp.com\/www.labozero.org\/wp-content\/uploads\/2025\/10\/WhatsApp-Image-2025-10-30-at-13.05.43-150x150.jpeg?resize=350%2C200&ssl=1 1x, https:\/\/i0.wp.com\/www.labozero.org\/wp-content\/uploads\/2025\/10\/WhatsApp-Image-2025-10-30-at-13.05.43-150x150.jpeg?resize=525%2C300&ssl=1 1.5x, https:\/\/i0.wp.com\/www.labozero.org\/wp-content\/uploads\/2025\/10\/WhatsApp-Image-2025-10-30-at-13.05.43-150x150.jpeg?resize=700%2C400&ssl=1 2x, https:\/\/i0.wp.com\/www.labozero.org\/wp-content\/uploads\/2025\/10\/WhatsApp-Image-2025-10-30-at-13.05.43-150x150.jpeg?resize=1050%2C600&ssl=1 3x, https:\/\/i0.wp.com\/www.labozero.org\/wp-content\/uploads\/2025\/10\/WhatsApp-Image-2025-10-30-at-13.05.43-150x150.jpeg?resize=1400%2C800&ssl=1 4x"},"classes":[]}],"jetpack_shortlink":"https:\/\/wp.me\/PbPs9A-9D","jetpack_sharing_enabled":true,"_links":{"self":[{"href":"https:\/\/www.labozero.org\/index.php\/wp-json\/wp\/v2\/pages\/597","targetHints":{"allow":["GET"]}}],"collection":[{"href":"https:\/\/www.labozero.org\/index.php\/wp-json\/wp\/v2\/pages"}],"about":[{"href":"https:\/\/www.labozero.org\/index.php\/wp-json\/wp\/v2\/types\/page"}],"author":[{"embeddable":true,"href":"https:\/\/www.labozero.org\/index.php\/wp-json\/wp\/v2\/users\/2"}],"replies":[{"embeddable":true,"href":"https:\/\/www.labozero.org\/index.php\/wp-json\/wp\/v2\/comments?post=597"}],"version-history":[{"count":30,"href":"https:\/\/www.labozero.org\/index.php\/wp-json\/wp\/v2\/pages\/597\/revisions"}],"predecessor-version":[{"id":6548,"href":"https:\/\/www.labozero.org\/index.php\/wp-json\/wp\/v2\/pages\/597\/revisions\/6548"}],"wp:attachment":[{"href":"https:\/\/www.labozero.org\/index.php\/wp-json\/wp\/v2\/media?parent=597"}],"curies":[{"name":"wp","href":"https:\/\/api.w.org\/{rel}","templated":true}]}}